{"id":7,"date":"2014-02-26T18:52:58","date_gmt":"2014-02-26T18:52:58","guid":{"rendered":"http:\/\/linksjugend-solid-bw.debg_default\/?page_id=7"},"modified":"2018-10-14T12:46:09","modified_gmt":"2018-10-14T10:46:09","slug":"material","status":"publish","type":"page","link":"https:\/\/linksjugend-solid-bw.de\/ravensburg\/material\/","title":{"rendered":"Material"},"content":{"rendered":"<h4>Unsere Aufkleber:<\/h4>\n<p>Unser Material soll nat\u00fcrlich Verbreitung finden. Kopieren, verteilen und bestellen ist ausdr\u00fccklich erw\u00fcnscht!<\/p>\n<p>Das Zeug ist nat\u00fcrlich\u00a0<strong>KOSTENLOS<\/strong>, schreib doch einfach eine Bestellung an:<\/p>\n<h4>Flyer und anderes Material der [&#8216;solid]:<\/h4>\n<p><strong>Material des Bundesverbandes:<\/strong><\/p>\n<p><a title=\"Satzung der Linksjugend['solid]\" href=\"http:\/\/s144731316.online.de\/wp-solid-fr\/wp-content\/uploads\/2013\/06\/Satzung_21.03.2009.pdf\" target=\"_blank\" rel=\"noopener\">Bundessatzung der Linksjugend[&#8216;solid] (2009)<\/a><\/p>\n<p><strong>Material des Landesverbandes Baden-W\u00fcrttemberg:<\/strong><br \/>\n<a title=\"Landessatzung der Linksjugend['solid] BaW\u00fc\" href=\"http:\/\/s144731316.online.de\/wp-solid-fr\/wp-content\/uploads\/2013\/06\/satzung-linksjugend2011-bw.pdf\" target=\"_blank\" rel=\"noopener\">Landessatzung der Linksjugend[&#8216;solid] BaW\u00fc (2011)<\/a><br \/>\n<a title=\"Eintrittserkl\u00e4rung\" href=\"http:\/\/s144731316.online.de\/wp-solid-fr\/wp-content\/uploads\/2013\/06\/eintrittserkla__rung_solid.pdf\" target=\"_blank\" rel=\"noopener\">Eintrittserkl\u00e4rung<\/a><\/p>\n<p><b>Faltbl\u00e4tter:<\/b><\/p>\n<p><a href=\"http:\/\/linksjugend-solid-bw.de\/ravensburg\/wp-content\/uploads\/sites\/25\/2018\/10\/Was-tun-Gegen-Nazis-1-min.pdf\">Was tun Gegen Nazis! 1<\/a><\/p>\n<p><a href=\"http:\/\/linksjugend-solid-bw.de\/ravensburg\/wp-content\/uploads\/sites\/25\/2018\/10\/Was-tun-Gegen-Nazis-2-min.pdf\">Was tun Gegen Nazis! 2<\/a><\/p>\n<p><a href=\"http:\/\/linksjugend-solid-bw.de\/ravensburg\/wp-content\/uploads\/sites\/25\/2018\/10\/Nationalismus-raus-aus-den-K\u00f6pfen-1-min.pdf\">Nationalismus raus aus den K\u00f6pfen 1<\/a><\/p>\n<p><a href=\"http:\/\/linksjugend-solid-bw.de\/ravensburg\/wp-content\/uploads\/sites\/25\/2018\/10\/Nationalismus-raus-aus-den-K\u00f6pfen-2-min.pdf\">Nationalismus raus aus den K\u00f6pfen 2<\/a><\/p>\n<p><a href=\"http:\/\/linksjugend-solid-bw.de\/ravensburg\/wp-content\/uploads\/sites\/25\/2018\/10\/Gegen-jeden-Antisemitismus-1-min.pdf\">Gegen jeden Antisemitismus 1<\/a><\/p>\n<p><a href=\"http:\/\/linksjugend-solid-bw.de\/ravensburg\/wp-content\/uploads\/sites\/25\/2018\/10\/Gegen-jeden-Antisemitismus-2-min.pdf\">Gegen jeden Antisemitismus\u00a0<\/a>2<\/p>\n<p><a href=\"http:\/\/linksjugend-solid-bw.de\/ravensburg\/wp-content\/uploads\/sites\/25\/2018\/10\/Antifa-hei\u00dft-mehr-als-Nazis-jagen-1-compressed.pdf\">Antifa hei\u00dft mehr als Nazis jagen 1<\/a><\/p>\n<p><a href=\"http:\/\/linksjugend-solid-bw.de\/ravensburg\/wp-content\/uploads\/sites\/25\/2018\/10\/Antifa-hei\u00dft-mehr-als-Nazis-jagen-2-min.pdf\">Antifa hei\u00dft mehr als Nazis jagen 2<\/a><\/p>\n","protected":false},"excerpt":{"rendered":"<p>Unsere Aufkleber: Unser Material soll nat\u00fcrlich Verbreitung finden. Kopieren, verteilen und bestellen ist ausdr\u00fccklich erw\u00fcnscht! Das Zeug ist nat\u00fcrlich\u00a0KOSTENLOS, schreib doch einfach eine Bestellung an: Flyer und anderes Material der [&#8216;solid]: Material des Bundesverbandes: Bundessatzung<\/p>\n","protected":false},"author":1,"featured_media":0,"parent":0,"menu_order":1,"comment_status":"open","ping_status":"open","template":"","meta":{"jetpack_post_was_ever_published":false,"footnotes":"","_links_to":"","_links_to_target":""},"class_list":["post-7","page","type-page","status-publish","hentry"],"jetpack_sharing_enabled":true,"jetpack_shortlink":"https:\/\/wp.me\/P4o1qP-7","_links":{"self":[{"href":"https:\/\/linksjugend-solid-bw.de\/ravensburg\/wp-json\/wp\/v2\/pages\/7","targetHints":{"allow":["GET"]}}],"collection":[{"href":"https:\/\/linksjugend-solid-bw.de\/ravensburg\/wp-json\/wp\/v2\/pages"}],"about":[{"href":"https:\/\/linksjugend-solid-bw.de\/ravensburg\/wp-json\/wp\/v2\/types\/page"}],"author":[{"embeddable":true,"href":"https:\/\/linksjugend-solid-bw.de\/ravensburg\/wp-json\/wp\/v2\/users\/1"}],"replies":[{"embeddable":true,"href":"https:\/\/linksjugend-solid-bw.de\/ravensburg\/wp-json\/wp\/v2\/comments?post=7"}],"version-history":[{"count":11,"href":"https:\/\/linksjugend-solid-bw.de\/ravensburg\/wp-json\/wp\/v2\/pages\/7\/revisions"}],"predecessor-version":[{"id":255,"href":"https:\/\/linksjugend-solid-bw.de\/ravensburg\/wp-json\/wp\/v2\/pages\/7\/revisions\/255"}],"wp:attachment":[{"href":"https:\/\/linksjugend-solid-bw.de\/ravensburg\/wp-json\/wp\/v2\/media?parent=7"}],"curies":[{"name":"wp","href":"https:\/\/api.w.org\/{rel}","templated":true}]}}